{"id":4619,"date":"2026-01-28T11:10:29","date_gmt":"2026-01-28T10:10:29","guid":{"rendered":"https:\/\/vskultur.de\/?post_type=events&#038;p=4619"},"modified":"2026-04-07T12:29:10","modified_gmt":"2026-04-07T10:29:10","slug":"von-der-idee-zur-skizze-dein-einstieg-ins-gruenden-mit-visionskultur-2","status":"publish","type":"events","link":"https:\/\/vskultur.de\/en\/events\/von-der-idee-zur-skizze-dein-einstieg-ins-gruenden-mit-visionskultur-2\/","title":{"rendered":"VON DER IDEE ZUR SKIZZE \u2013 DEIN EINSTIEG INS GR\u00dcNDEN MIT VISIONSKULTUR"},"content":{"rendered":"<p>In diesem Workshop entwickelst du in kurzer Zeit einen ersten Entwurf deiner Gr\u00fcndungsidee.<\/p>\n\n\n\n<p>In diesem Workshop entwickelst du in kurzer Zeit einen ersten Entwurf deiner Gr\u00fcndungsidee. Mit kreativen Methoden arbeitest du im Team, lernst praxisnahe Tools kennen und erh\u00e4ltst direktes Feedback aus dem Netzwerk von Visionskultur. Egal ob mit eigener Idee oder einfach zum Reinschnuppern \u2013 du bekommst einen realistischen Eindruck vom Gr\u00fcnden in Bremen. Offen f\u00fcr Studierende, Berufst\u00e4tige und alle, die loslegen wollen.<\/p>\n\n\n\n<p><a href=\"https:\/\/www.eventbrite.de\/e\/von-der-idee-zur-skizze-dein-einstieg-ins-grunden-mit-visionskultur-tickets-1981493737108\">Register here!<\/a><\/p>","protected":false},"excerpt":{"rendered":"<p>In diesem Workshop entwickelst du in kurzer Zeit einen ersten Entwurf deiner Gr\u00fcndungsidee. In diesem Workshop entwickelst du in kurzer Zeit einen ersten Entwurf deiner Gr\u00fcndungsidee. Mit kreativen Methoden arbeitest du im Team, lernst praxisnahe Tools kennen und erh\u00e4ltst direktes Feedback aus dem Netzwerk von Visionskultur. Egal ob mit eigener Idee oder einfach zum Reinschnuppern [&hellip;]<\/p>","protected":false},"featured_media":4630,"parent":0,"template":"","event_kategorien":[37],"class_list":["post-4619","events","type-events","status-publish","has-post-thumbnail","hentry","event_kategorien-vergangene-veranstaltungen"],"acf":[],"_links":{"self":[{"href":"https:\/\/vskultur.de\/en\/wp-json\/wp\/v2\/events\/4619","targetHints":{"allow":["GET"]}}],"collection":[{"href":"https:\/\/vskultur.de\/en\/wp-json\/wp\/v2\/events"}],"about":[{"href":"https:\/\/vskultur.de\/en\/wp-json\/wp\/v2\/types\/events"}],"wp:featuredmedia":[{"embeddable":true,"href":"https:\/\/vskultur.de\/en\/wp-json\/wp\/v2\/media\/4630"}],"wp:attachment":[{"href":"https:\/\/vskultur.de\/en\/wp-json\/wp\/v2\/media?parent=4619"}],"wp:term":[{"taxonomy":"event_kategorien","embeddable":true,"href":"https:\/\/vskultur.de\/en\/wp-json\/wp\/v2\/event_kategorien?post=4619"}],"curies":[{"name":"wp","href":"https:\/\/api.w.org\/{rel}","templated":true}]}}