{"id":4392,"date":"2025-08-29T11:35:54","date_gmt":"2025-08-29T09:35:54","guid":{"rendered":"https:\/\/vskultur.de\/events\/knowledge-snack-fehlerkultur\/"},"modified":"2025-09-29T11:47:09","modified_gmt":"2025-09-29T09:47:09","slug":"knowledge-snack-fehlerkultur","status":"publish","type":"events","link":"https:\/\/vskultur.de\/en\/events\/knowledge-snack-fehlerkultur\/","title":{"rendered":"Knowledge Snack: Fehlerkultur"},"content":{"rendered":"<p>Fehler sind kein Makel, sondern ein Motor f\u00fcr Entwicklung, besonders in der Gr\u00fcndung. In diesem kompakten Input beleuchten wir die Grundlagen einer konstruktiven Fehlerkultur und erg\u00e4nzen diese mit dem Austausch eigener Erfahrungen. So lernst du, einen bewussten und reflektierten Umgang mit R\u00fcckschl\u00e4gen zu entwickeln und diese als Chance f\u00fcr Wachstum zu nutzen.\u200b<\/p>\n\n\n\n<p>16.10., 12:00 \u2013 13:00Uhr -&gt; Online<\/p>\n\n\n\n<p><a href=\"https:\/\/www.eventbrite.de\/e\/1632854304179?aff=oddtdtcreator\">Register here!<\/a><\/p>\n\n\n\n<p><\/p>","protected":false},"excerpt":{"rendered":"<p>Fehler sind kein Makel, sondern ein Motor f\u00fcr Entwicklung, besonders in der Gr\u00fcndung. In diesem kompakten Input beleuchten wir die Grundlagen einer konstruktiven Fehlerkultur und erg\u00e4nzen diese mit dem Austausch eigener Erfahrungen. So lernst du, einen bewussten und reflektierten Umgang mit R\u00fcckschl\u00e4gen zu entwickeln und diese als Chance f\u00fcr Wachstum zu nutzen.\u200b 16.10., 12:00 \u2013 [&hellip;]<\/p>","protected":false},"featured_media":4409,"parent":0,"template":"","event_kategorien":[37],"class_list":["post-4392","events","type-events","status-publish","has-post-thumbnail","hentry","event_kategorien-vergangene-veranstaltungen"],"acf":[],"_links":{"self":[{"href":"https:\/\/vskultur.de\/en\/wp-json\/wp\/v2\/events\/4392","targetHints":{"allow":["GET"]}}],"collection":[{"href":"https:\/\/vskultur.de\/en\/wp-json\/wp\/v2\/events"}],"about":[{"href":"https:\/\/vskultur.de\/en\/wp-json\/wp\/v2\/types\/events"}],"wp:featuredmedia":[{"embeddable":true,"href":"https:\/\/vskultur.de\/en\/wp-json\/wp\/v2\/media\/4409"}],"wp:attachment":[{"href":"https:\/\/vskultur.de\/en\/wp-json\/wp\/v2\/media?parent=4392"}],"wp:term":[{"taxonomy":"event_kategorien","embeddable":true,"href":"https:\/\/vskultur.de\/en\/wp-json\/wp\/v2\/event_kategorien?post=4392"}],"curies":[{"name":"wp","href":"https:\/\/api.w.org\/{rel}","templated":true}]}}