{"id":4020,"date":"2025-07-03T11:38:34","date_gmt":"2025-07-03T09:38:34","guid":{"rendered":"https:\/\/vskultur.de\/?post_type=events&#038;p=4020"},"modified":"2025-09-26T15:13:43","modified_gmt":"2025-09-26T13:13:43","slug":"talkshow-zukunftsschnack-gruendung-trifft-migration","status":"publish","type":"events","link":"https:\/\/vskultur.de\/en\/events\/talkshow-zukunftsschnack-gruendung-trifft-migration\/","title":{"rendered":"Talkshow \"ZUKUNFTSSCHNACK: Gr\u00fcndung trifft Migration\""},"content":{"rendered":"<p>Wie steht es um migrantisches Gr\u00fcnden in Bremen \u2013 und dar\u00fcber hinaus? Welche H\u00fcrden, Chancen und Perspektiven gibt es? Beim n\u00e4chsten <strong>Zukunftsschnack<\/strong> gehen wir diesen Fragen gemeinsam auf den Grund.<\/p>\n\n\n\n<p>On <strong>Dienstag, 23. September 2025 um 18:00 Uhr<\/strong> im <strong>Fr\u00f6hlichs (VHS Bremen)<\/strong> bringt Visionskultur Expert*innen<em>, <\/em>Gr\u00fcnder*innen und Interessierte zusammen, um \u00fcber gesellschaftliche und wirtschaftliche Entwicklungen zu sprechen.<\/p>\n\n\n\n<p>Im Fokus stehen unter anderem:<\/p>\n\n\n\n<ul class=\"wp-block-list\">\n<li>Warum ist Gr\u00fcndung ein wichtiges Thema f\u00fcr Menschen mit Migrationsgeschichte?<\/li>\n\n\n\n<li>Was sagen aktuelle Zahlen zu Gr\u00fcndung und Migration?<\/li>\n\n\n\n<li>Wie steht Bremen im Vergleich zu anderen EU-L\u00e4ndern da?<\/li>\n<\/ul>\n\n\n\n<div style=\"height:31px\" aria-hidden=\"true\" class=\"wp-block-spacer\"><\/div>\n\n\n\n<p class=\"has-text-align-left\"><strong>Mit dabei<\/strong>:<\/p>\n\n\n\n<ul class=\"wp-block-list\">\n<li>Prof. Dr. Mayank Kumar Golpelwar - Intercultural Management & Communication an der HS Bremen<\/li>\n\n\n\n<li>Nadezhda Milanova - Migrations- und Integrationsbeauftragte des Landes Bremen<\/li>\n\n\n\n<li>Augusto Capece - Serial Entrepreneur<\/li>\n\n\n\n<li>Rezi Chikviladze - Gesch\u00e4ftsf\u00fchrer Syniotec<\/li>\n\n\n\n<li>Mariya Staykova - Gr\u00fcnderin einer Steuerkanzlei & Mitglied des Pr\u00fcfungsausschusses f\u00fcr Steuerberater, Vorstandsmitglied des Juniorenkreises der Handelskammer Bremen & Finanzvorstand des KLUB DIALOG e.V.<\/li>\n<\/ul>\n\n\n\n<p><strong>Moderation:<\/strong> Hachem Gharbi, Gesch\u00e4ftsf\u00fchrer von Visionskultur<\/p>\n\n\n\n<p><strong>Besonderes Highlight:<\/strong> der \u201eHot Chair\u201c \u2013 ein offener Diskussionsstuhl f\u00fcr spontane Fragen und Beitr\u00e4ge aus dem Publikum.<\/p>\n\n\n\n<p>\ud83d\udcc5 <strong>Datum:<\/strong> 23. September 2025<br>\ud83d\udd55 <strong>Zeit:<\/strong> 18:00 Uhr<br>\ud83d\udccd <strong>Ort:<\/strong> im Fr\u00f6lichs in der VHS - Faulenstra\u00dfe 69, 28195 Bremen<\/p>\n\n\n\n<p><strong>Eintritt:<\/strong> frei \u2013 <a href=\"https:\/\/www.eventbrite.de\/e\/1599917047959?aff=oddtdtcreator\">Anmeldung erforderlich!<\/a><\/p>","protected":false},"excerpt":{"rendered":"<p>Wie steht es um migrantisches Gr\u00fcnden in Bremen \u2013 und dar\u00fcber hinaus? Welche H\u00fcrden, Chancen und Perspektiven gibt es? Beim n\u00e4chsten Zukunftsschnack gehen wir diesen Fragen gemeinsam auf den Grund. Am Dienstag, 23. September 2025 um 18:00 Uhr im Fr\u00f6hlichs (VHS Bremen) bringt Visionskultur Expert*innen, Gr\u00fcnder*innen und Interessierte zusammen, um \u00fcber gesellschaftliche und wirtschaftliche Entwicklungen [&hellip;]<\/p>","protected":false},"featured_media":4021,"parent":0,"template":"","event_kategorien":[37],"class_list":["post-4020","events","type-events","status-publish","has-post-thumbnail","hentry","event_kategorien-vergangene-veranstaltungen"],"acf":[],"_links":{"self":[{"href":"https:\/\/vskultur.de\/en\/wp-json\/wp\/v2\/events\/4020","targetHints":{"allow":["GET"]}}],"collection":[{"href":"https:\/\/vskultur.de\/en\/wp-json\/wp\/v2\/events"}],"about":[{"href":"https:\/\/vskultur.de\/en\/wp-json\/wp\/v2\/types\/events"}],"wp:featuredmedia":[{"embeddable":true,"href":"https:\/\/vskultur.de\/en\/wp-json\/wp\/v2\/media\/4021"}],"wp:attachment":[{"href":"https:\/\/vskultur.de\/en\/wp-json\/wp\/v2\/media?parent=4020"}],"wp:term":[{"taxonomy":"event_kategorien","embeddable":true,"href":"https:\/\/vskultur.de\/en\/wp-json\/wp\/v2\/event_kategorien?post=4020"}],"curies":[{"name":"wp","href":"https:\/\/api.w.org\/{rel}","templated":true}]}}