{"id":3076,"date":"2023-12-27T14:32:00","date_gmt":"2023-12-27T13:32:00","guid":{"rendered":"https:\/\/vskultur.de\/?post_type=events&#038;p=3076"},"modified":"2025-09-26T15:13:01","modified_gmt":"2025-09-26T13:13:01","slug":"eroeffnung-der-ausstellung-money-money-money","status":"publish","type":"events","link":"https:\/\/vskultur.de\/en\/events\/eroeffnung-der-ausstellung-money-money-money\/","title":{"rendered":"Er\u00f6ffnung der Ausstellung \"Money, Money, Money\"\u00a0"},"content":{"rendered":"<p>23.02.24, 18 Uhr:<br>\u201e\u00dcber Geld spricht man nicht\u201c oder \u201eGeld kann man immer gebrauchen\u201c - diese und viele andere Glaubenss\u00e4tze bestimmen bewusst oder unbewusst unseren Umgang mit dem allgemeinsten Tauschmittel.<br>In der Ausstellung kann man u.a. sein eigenes Verh\u00e4ltnis zu Bargeld, Kreditkarten, Bitcoins, ETFs und zum Finanzminister hinterfragen. Ist \u201esparsam leben\u201c auch \u201enachhaltig leben\u201c? \u00d6konomie, Industrie, Kapitalismus und wir selbst sind Teile einer komplexen Welt, in der es oft schwer f\u00e4llt, die richtigen Entscheidungen zu treffen.<br>Die Ausstellung kann vom 23.02.24 - 30.05.24 einige Denkanst\u00f6\u00dfe dazu geben.<\/p>","protected":false},"excerpt":{"rendered":"<p>23.02.24, 18 Uhr:\u201e\u00dcber Geld spricht man nicht\u201c oder \u201eGeld kann man immer gebrauchen\u201c - diese und viele andere Glaubenss\u00e4tze bestimmen bewusst oder unbewusst unseren Umgang mit dem allgemeinsten Tauschmittel.In der Ausstellung kann man u.a. sein eigenes Verh\u00e4ltnis zu Bargeld, Kreditkarten, Bitcoins, ETFs und zum Finanzminister hinterfragen. Ist \u201esparsam leben\u201c auch \u201enachhaltig leben\u201c? \u00d6konomie, Industrie, Kapitalismus [&hellip;]<\/p>","protected":false},"featured_media":3077,"parent":0,"template":"","event_kategorien":[37],"class_list":["post-3076","events","type-events","status-publish","has-post-thumbnail","hentry","event_kategorien-vergangene-veranstaltungen"],"acf":[],"_links":{"self":[{"href":"https:\/\/vskultur.de\/en\/wp-json\/wp\/v2\/events\/3076","targetHints":{"allow":["GET"]}}],"collection":[{"href":"https:\/\/vskultur.de\/en\/wp-json\/wp\/v2\/events"}],"about":[{"href":"https:\/\/vskultur.de\/en\/wp-json\/wp\/v2\/types\/events"}],"wp:featuredmedia":[{"embeddable":true,"href":"https:\/\/vskultur.de\/en\/wp-json\/wp\/v2\/media\/3077"}],"wp:attachment":[{"href":"https:\/\/vskultur.de\/en\/wp-json\/wp\/v2\/media?parent=3076"}],"wp:term":[{"taxonomy":"event_kategorien","embeddable":true,"href":"https:\/\/vskultur.de\/en\/wp-json\/wp\/v2\/event_kategorien?post=3076"}],"curies":[{"name":"wp","href":"https:\/\/api.w.org\/{rel}","templated":true}]}}