{"id":1971,"date":"2023-01-26T21:50:58","date_gmt":"2023-01-26T20:50:58","guid":{"rendered":"https:\/\/vskultur.de\/?post_type=events&#038;p=1971"},"modified":"2025-09-26T15:12:14","modified_gmt":"2025-09-26T13:12:14","slug":"bewerbungsphase-creative-hub-3-0","status":"publish","type":"events","link":"https:\/\/vskultur.de\/en\/events\/bewerbungsphase-creative-hub-3-0\/","title":{"rendered":"Bewerbungsphase Creative Hub 3.0"},"content":{"rendered":"<h2 class=\"wp-block-heading\">Visionskultur geht in die n\u00e4chste Bewerbungsphase!<\/h2>\n\n\n\n<p><em>Du hast eine Idee? Du hast ein Projekt?  Dann bewirb dein Projekt jetzt<\/em><br>Bremens Ideenzentrum, der \"Creative Hub\", erm\u00f6glicht wieder die Teilnahme an einem<br><strong>umfangreichen F\u00f6rderprogramm<\/strong>. <br>Bisher z\u00e4hlt die Visionskultur Community \u00fcber 300 Projekte und schaut auf ein erfolgreiches<br>2022 zur\u00fcck: von Events\/ Festivals, Workshops, Wettbewerben bis zu Arbeit in den Stadtteilen.<br>Die Gemeinschaft hat im letzten Jahr einiges auf die Beine gestellt. Durch die F\u00f6rderung der<br>Visionskultur k\u00f6nnen Gr\u00fcnder<em>innen und Menschen mit Visionen auf ein breites Angebot an Unterst\u00fctzungsm\u00f6glichkeiten zur\u00fcckgreifen. Engmaschige Begleitung, Coaching, themenspezifische, freinutzbare Fl\u00e4chen wie beispielsweise Ateliers, Podcaststudio, Bewegungsr\u00e4ume, Co-Workingspaces uvm. im Creative Hub haben Projekte die Chance, ihre Ideen wachsen zu lassen und sich in ihrem Themenbereich und dar\u00fcber hinaus zu vernetzen. <\/em><\/p>\n\n\n\n<p><em>Bewerbungen sind \u00fcber unsere Webseite noch bis zum 31. Januar m\u00f6glich!<\/em><\/p>\n\n\n\n<figure class=\"wp-block-image size-large\"><img loading=\"lazy\" decoding=\"async\" width=\"724\" height=\"1024\" src=\"https:\/\/vskultur.de\/wp-content\/uploads\/2023\/01\/bewerbugnskampagne-724x1024.png\" alt=\"\" class=\"wp-image-1972\" srcset=\"https:\/\/vskultur.de\/wp-content\/uploads\/2023\/01\/bewerbugnskampagne-724x1024.png 724w, https:\/\/vskultur.de\/wp-content\/uploads\/2023\/01\/bewerbugnskampagne-212x300.png 212w, https:\/\/vskultur.de\/wp-content\/uploads\/2023\/01\/bewerbugnskampagne-768x1086.png 768w, https:\/\/vskultur.de\/wp-content\/uploads\/2023\/01\/bewerbugnskampagne-1086x1536.png 1086w, https:\/\/vskultur.de\/wp-content\/uploads\/2023\/01\/bewerbugnskampagne-1448x2048.png 1448w, https:\/\/vskultur.de\/wp-content\/uploads\/2023\/01\/bewerbugnskampagne.png 1587w\" sizes=\"auto, (max-width: 724px) 100vw, 724px\" \/><\/figure>\n\n\n\n<p><\/p>","protected":false},"excerpt":{"rendered":"<p>Visionskultur geht in die n\u00e4chste Bewerbungsphase! Du hast eine Idee? Du hast ein Projekt? Dann bewirb dein Projekt jetztBremens Ideenzentrum, der \"Creative Hub\", erm\u00f6glicht wieder die Teilnahme an einemumfangreichen F\u00f6rderprogramm. Bisher z\u00e4hlt die Visionskultur Community \u00fcber 300 Projekte und schaut auf ein erfolgreiches2022 zur\u00fcck: von Events\/ Festivals, Workshops, Wettbewerben bis zu Arbeit in den Stadtteilen.Die [&hellip;]<\/p>","protected":false},"featured_media":1973,"parent":0,"template":"","event_kategorien":[37],"class_list":["post-1971","events","type-events","status-publish","has-post-thumbnail","hentry","event_kategorien-vergangene-veranstaltungen"],"acf":[],"_links":{"self":[{"href":"https:\/\/vskultur.de\/en\/wp-json\/wp\/v2\/events\/1971","targetHints":{"allow":["GET"]}}],"collection":[{"href":"https:\/\/vskultur.de\/en\/wp-json\/wp\/v2\/events"}],"about":[{"href":"https:\/\/vskultur.de\/en\/wp-json\/wp\/v2\/types\/events"}],"wp:featuredmedia":[{"embeddable":true,"href":"https:\/\/vskultur.de\/en\/wp-json\/wp\/v2\/media\/1973"}],"wp:attachment":[{"href":"https:\/\/vskultur.de\/en\/wp-json\/wp\/v2\/media?parent=1971"}],"wp:term":[{"taxonomy":"event_kategorien","embeddable":true,"href":"https:\/\/vskultur.de\/en\/wp-json\/wp\/v2\/event_kategorien?post=1971"}],"curies":[{"name":"wp","href":"https:\/\/api.w.org\/{rel}","templated":true}]}}