{"version":"1.0","provider_name":"Vision culture","provider_url":"https:\/\/vskultur.de\/en","author_name":"Media","author_url":"https:\/\/vskultur.de\/en\/author\/media\/","title":"Kunstausstellung \"gr\u00fcn\" - Visionskultur","type":"rich","width":600,"height":338,"html":"<blockquote class=\"wp-embedded-content\" data-secret=\"xdxPUt3m13\"><a href=\"https:\/\/vskultur.de\/en\/events\/kunstausstellung-gruen\/\">Kunstausstellung \"gr\u00fcn\"<\/a><\/blockquote><iframe sandbox=\"allow-scripts\" security=\"restricted\" src=\"https:\/\/vskultur.de\/en\/events\/kunstausstellung-gruen\/embed\/#?secret=xdxPUt3m13\" width=\"600\" height=\"338\" title=\"&#8220;Kunstausstellung &quot;gr\u00fcn&quot;&#8221; &#8212; Visionskultur\" data-secret=\"xdxPUt3m13\" frameborder=\"0\" marginwidth=\"0\" marginheight=\"0\" scrolling=\"no\" class=\"wp-embedded-content\"><\/iframe><script>\n\/*! This file is auto-generated *\/\n!function(d,l){\"use strict\";l.querySelector&&d.addEventListener&&\"undefined\"!=typeof URL&&(d.wp=d.wp||{},d.wp.receiveEmbedMessage||(d.wp.receiveEmbedMessage=function(e){var t=e.data;if((t||t.secret||t.message||t.value)&&!\/[^a-zA-Z0-9]\/.test(t.secret)){for(var s,r,n,a=l.querySelectorAll('iframe[data-secret=\"'+t.secret+'\"]'),o=l.querySelectorAll('blockquote[data-secret=\"'+t.secret+'\"]'),c=new RegExp(\"^https?:$\",\"i\"),i=0;i<o.length;i++)o[i].style.display=\"none\";for(i=0;i<a.length;i++)s=a[i],e.source===s.contentWindow&&(s.removeAttribute(\"style\"),\"height\"===t.message?(1e3<(r=parseInt(t.value,10))?r=1e3:~~r<200&&(r=200),s.height=r):\"link\"===t.message&&(r=new URL(s.getAttribute(\"src\")),n=new URL(t.value),c.test(n.protocol))&&n.host===r.host&&l.activeElement===s&&(d.top.location.href=t.value))}},d.addEventListener(\"message\",d.wp.receiveEmbedMessage,!1),l.addEventListener(\"DOMContentLoaded\",function(){for(var e,t,s=l.querySelectorAll(\"iframe.wp-embedded-content\"),r=0;r<s.length;r++)(t=(e=s[r]).getAttribute(\"data-secret\"))||(t=Math.random().toString(36).substring(2,12),e.src+=\"#?secret=\"+t,e.setAttribute(\"data-secret\",t)),e.contentWindow.postMessage({message:\"ready\",secret:t},\"*\")},!1)))}(window,document);\n\/\/# sourceURL=https:\/\/vskultur.de\/wp-includes\/js\/wp-embed.min.js\n<\/script>","thumbnail_url":"https:\/\/vskultur.de\/wp-content\/uploads\/2023\/05\/ausschreibung-kunstausstellung-laengs.png","thumbnail_width":500,"thumbnail_height":250,"description":"Er\u00f6ffnung Heike Seyffarth und der Creative Hub l\u00e4dt zur Er\u00f6ffnung der neuen Kunstausstellung \"gr\u00fcn\" ein. Wie immer erwarten euch neben den kreativen Arbeiten auch ein paar \u00dcberraschungen und nat\u00fcrlich eine wunderbare Einf\u00fchrung der Kuratorin selbst. Los geht`s um 18 Uhr."}